{"id":21429,"date":"2022-12-20T14:23:58","date_gmt":"2022-12-20T13:23:58","guid":{"rendered":"https:\/\/conceptualfurniture.com\/designers\/"},"modified":"2022-12-20T14:24:00","modified_gmt":"2022-12-20T13:24:00","slug":"designers","status":"publish","type":"page","link":"https:\/\/conceptualfurniture.com\/fr\/designers\/","title":{"rendered":"Designers"},"content":{"rendered":"<div class=\"wpb-content-wrapper\"><p>[vc_row full_width=\u00a0\u00bbstretch_row\u00a0\u00bb bg_type=\u00a0\u00bbimage\u00a0\u00bb parallax_style=\u00a0\u00bbvcpb-default\u00a0\u00bb bg_image_new=\u00a0\u00bbid^21418|url^https:\/\/conceptualfurniture.com\/wp-content\/uploads\/2022\/12\/design-3.jpg|caption^null|alt^Designer|title^Designer|description^null\u00a0\u00bb bg_image_repeat=\u00a0\u00bbno-repeat\u00a0\u00bb el_class=\u00a0\u00bbhero-conceptual\u00a0\u00bb][vc_column][vc_empty_space height=\u00a0\u00bb15vh\u00a0\u00bb][vc_row_inner][vc_column_inner width=\u00a0\u00bb1\/2&Prime;]<div id=\"ultimate-heading-270169f54d856575f\" class=\"uvc-heading ult-adjust-bottom-margin ultimate-heading-270169f54d856575f uvc-6698 hero-title-main uvc-heading-default-font-sizes\" data-hspacer=\"line_only\"  data-halign=\"left\" style=\"text-align:left\"><div class=\"uvc-main-heading ult-responsive\"  data-ultimate-target='.uvc-heading.ultimate-heading-270169f54d856575f h1'  data-responsive-json-new='{\"font-size\":\"\",\"line-height\":\"\"}' ><h1 style=\"--font-weight:theme;\">DESIGNERS<\/h1><\/div><div class=\"uvc-heading-spacer line_only\" style=\"margin-top:15px;margin-bottom:25px;height:7px;\"><span class=\"uvc-headings-line\" style=\"border-style:solid;border-bottom-width:7px;border-color:#ffffff;width:100px;\"><\/span><\/div><\/div><style type=\"text\/css\">#dt-btn-1 {color: #ffffff;border-color: #ffffff;}#dt-btn-1 > .text-wrap * {color: #ffffff;}#dt-btn-1:hover {color: #202020;background: #ffffff;border-color: #ffffff;}#dt-btn-1:hover > .text-wrap * {color: #202020;}<\/style><a href=\"\/fr\/contact\" class=\"btn-shortcode dt-btn-m dt-btn outline-bg-btn custom-btn-color custom-btn-hover-color anchor-link\" id=\"dt-btn-1\"><span>Contactez<\/span><\/a>[\/vc_column_inner][vc_column_inner width=\u00a0\u00bb1\/2&Prime;][\/vc_column_inner][\/vc_row_inner][vc_empty_space height=\u00a0\u00bb15vh\u00a0\u00bb][\/vc_column][\/vc_row][vc_row content_placement=\u00a0\u00bbbottom\u00a0\u00bb css=\u00a0\u00bb.vc_custom_1627988670148{padding-top: 50px !important;padding-bottom: 50px !important;}\u00a0\u00bb el_class=\u00a0\u00bbreverse-row-on-mobile\u00a0\u00bb][vc_column width=\u00a0\u00bb2\/3&Prime;]<div id=\"ultimate-heading-100769f54d8565856\" class=\"uvc-heading ult-adjust-bottom-margin ultimate-heading-100769f54d8565856 uvc-3912 functie-links\" data-hspacer=\"line_only\"  data-halign=\"left\" style=\"text-align:left\"><div class=\"uvc-main-heading ult-responsive\"  data-ultimate-target='.uvc-heading.ultimate-heading-100769f54d8565856 h3'  data-responsive-json-new='{\"font-size\":\"\",\"line-height\":\"desktop:25px;\"}' ><h3 style=\"--font-weight:theme;color:#000000;\">JEROME GAUTHIER<\/h3><\/div><div class=\"uvc-sub-heading ult-responsive\"  data-ultimate-target='.uvc-heading.ultimate-heading-100769f54d8565856 .uvc-sub-heading '  data-responsive-json-new='{\"font-size\":\"\",\"line-height\":\"\"}'  style=\"font-weight:normal;color:#000000;\"><\/p>\n<div class=\"uvc-sub-heading ult-responsive\" data-ultimate-target=\".uvc-heading.ultimate-heading-78763a1b72ab4202 .uvc-sub-heading \" data-responsive-json-new=\"{&quot;font-size&quot;:&quot;&quot;,&quot;line-height&quot;:&quot;desktop:15px;&quot;}\">\n<h3>Directeur Artistique<\/h3>\n<p>&nbsp;<\/p>\n<\/div>\n<div class=\"uvc-heading-spacer line_only\"><\/div>\n<p><\/div><div class=\"uvc-heading-spacer line_only\" style=\"margin-bottom:25px;height:7px;\"><span class=\"uvc-headings-line\" style=\"border-style:solid;border-bottom-width:7px;border-color:#000000;width:50px;\"><\/span><\/div><\/div><div id=\"ultimate-heading-617169f54d85658a5\" class=\"uvc-heading ult-adjust-bottom-margin ultimate-heading-617169f54d85658a5 uvc-9282  uvc-heading-default-font-sizes\" data-hspacer=\"no_spacer\"  data-halign=\"left\" style=\"text-align:left\"><div class=\"uvc-heading-spacer no_spacer\" style=\"top\"><\/div><div class=\"uvc-sub-heading ult-responsive\"  data-ultimate-target='.uvc-heading.ultimate-heading-617169f54d85658a5 .uvc-sub-heading '  data-responsive-json-new='{\"font-size\":\"\",\"line-height\":\"\"}'  style=\"font-weight:normal;color:#000000;\">Dipl\u00f4m\u00e9 de l&rsquo;\u00c9cole nationale des arts d\u00e9coratifs (EnsAD) de Paris, J\u00e9r\u00f4me Gauthier exerce son m\u00e9tier de designer depuis 2000 au sein de son agence pour diff\u00e9rents clients : artisans, industriels, organismes de recherche, \u00e9diteurs et bien d&rsquo;autres dans le cadre de mandats priv\u00e9s ou publics. Il g\u00e8re chaque projet selon sa pratique professionnelle qu&rsquo;il a d\u00e9velopp\u00e9e et affin\u00e9e au fil du temps.<\/p>\n<p>Son credo : \u00ab\u00a0\u00c9couter pour mieux r\u00e9pondre \u00e0 la demande du client, chercher le but, comprendre pour convaincre, sentir pour affirmer.\u00a0\u00bb<\/p>\n<p>J\u00e9r\u00f4me est une personne intuitive qui cherche \u00e0 construire des relations durables avec ses clients et dispose des bons outils pour construire le projet depuis les premi\u00e8res esquisses jusqu&rsquo;aux moindres d\u00e9tails techniques. Il aime le processus cr\u00e9atif de bout en bout et c&rsquo;est exactement la raison pour laquelle il a rejoint Conceptual au d\u00e9but de l&rsquo;ann\u00e9e 2021 en tant que directeur artistique.<\/div><\/div>[\/vc_column][vc_column width=\u00a0\u00bb1\/3&Prime;]<style type=\"text\/css\" data-type=\"the7_shortcodes-inline-css\">.shortcode-single-image-wrap.shortcode-single-image-cb342fd6d219a4a930725991fc0dd05b.enable-bg-rollover .rollover i,\n.shortcode-single-image-wrap.shortcode-single-image-cb342fd6d219a4a930725991fc0dd05b.enable-bg-rollover .rollover-video i {\n  background: -webkit-linear-gradient();\n  background: linear-gradient();\n}\n.shortcode-single-image-wrap.shortcode-single-image-cb342fd6d219a4a930725991fc0dd05b .rollover-icon {\n  font-size: 32px;\n  color: #ffffff;\n  min-width: 44px;\n  min-height: 44px;\n  line-height: 44px;\n  border-radius: 100px;\n  border-style: solid;\n  border-width: 0px;\n}\n.dt-icon-bg-on.shortcode-single-image-wrap.shortcode-single-image-cb342fd6d219a4a930725991fc0dd05b .rollover-icon {\n  background: rgba(255,255,255,0.3);\n  box-shadow: none;\n}<\/style><div class=\"shortcode-single-image-wrap shortcode-single-image-cb342fd6d219a4a930725991fc0dd05b alignnone  vc_custom_1671539786443 enable-bg-rollover dt-icon-bg-off\" ><div class=\"shortcode-single-image\"><div class=\"fancy-media-wrap  layzr-bg\" style=\"\"><img fetchpriority=\"high\" decoding=\"async\" class=\"preload-me lazy-load aspect\" src=\"data:image\/svg+xml,%3Csvg%20xmlns%3D&#39;http%3A%2F%2Fwww.w3.org%2F2000%2Fsvg&#39;%20viewBox%3D&#39;0%200%20500%20750&#39;%2F%3E\" data-src=\"https:\/\/conceptualfurniture.com\/wp-content\/uploads\/2022\/12\/Jerome-Gaulthier-verkleind-500x750.jpg\" data-srcset=\"https:\/\/conceptualfurniture.com\/wp-content\/uploads\/2022\/12\/Jerome-Gaulthier-verkleind-500x750.jpg 500w, https:\/\/conceptualfurniture.com\/wp-content\/uploads\/2022\/12\/Jerome-Gaulthier-verkleind.jpg 900w\" loading=\"eager\" sizes=\"(max-width: 500px) 100vw, 500px\" width=\"500\" height=\"750\"  data-dt-location=\"https:\/\/conceptualfurniture.com\/fr\/conceptual\/jerome-gaulthier-verkleind\/\" style=\"--ratio: 500 \/ 750;\" alt=\"\" \/><\/div><\/div><\/div>[\/vc_column][\/vc_row][vc_row full_width=\u00a0\u00bbstretch_row\u00a0\u00bb content_placement=\u00a0\u00bbbottom\u00a0\u00bb bg_type=\u00a0\u00bbbg_color\u00a0\u00bb bg_color_value=\u00a0\u00bb#000000&Prime; css=\u00a0\u00bb.vc_custom_1671541323523{padding-top: 50px !important;padding-bottom: 50px !important;}\u00a0\u00bb][vc_column width=\u00a0\u00bb1\/3&Prime;]<style type=\"text\/css\" data-type=\"the7_shortcodes-inline-css\">.shortcode-single-image-wrap.shortcode-single-image-ee450ed0f5640e48f545c03cfdb67900.enable-bg-rollover .rollover i,\n.shortcode-single-image-wrap.shortcode-single-image-ee450ed0f5640e48f545c03cfdb67900.enable-bg-rollover .rollover-video i {\n  background: -webkit-linear-gradient();\n  background: linear-gradient();\n}\n.shortcode-single-image-wrap.shortcode-single-image-ee450ed0f5640e48f545c03cfdb67900 .rollover-icon {\n  font-size: 32px;\n  color: #ffffff;\n  min-width: 44px;\n  min-height: 44px;\n  line-height: 44px;\n  border-radius: 100px;\n  border-style: solid;\n  border-width: 0px;\n}\n.dt-icon-bg-on.shortcode-single-image-wrap.shortcode-single-image-ee450ed0f5640e48f545c03cfdb67900 .rollover-icon {\n  background: rgba(255,255,255,0.3);\n  box-shadow: none;\n}<\/style><div class=\"shortcode-single-image-wrap shortcode-single-image-ee450ed0f5640e48f545c03cfdb67900 alignnone  vc_custom_1671541388300 enable-bg-rollover dt-icon-bg-off\" ><div class=\"shortcode-single-image\"><div class=\"fancy-media-wrap  layzr-bg\" style=\"\"><img decoding=\"async\" class=\"preload-me lazy-load aspect\" src=\"data:image\/svg+xml,%3Csvg%20xmlns%3D&#39;http%3A%2F%2Fwww.w3.org%2F2000%2Fsvg&#39;%20viewBox%3D&#39;0%200%20320%20377&#39;%2F%3E\" data-src=\"https:\/\/conceptualfurniture.com\/wp-content\/uploads\/2022\/12\/Nieuwe-team-03.jpg\" data-srcset=\"https:\/\/conceptualfurniture.com\/wp-content\/uploads\/2022\/12\/Nieuwe-team-03.jpg 320w\" loading=\"eager\" sizes=\"(max-width: 320px) 100vw, 320px\" width=\"320\" height=\"377\"  data-dt-location=\"https:\/\/conceptualfurniture.com\/fr\/designers\/nieuwe-team-03-2\/\" style=\"--ratio: 320 \/ 377;\" alt=\"\" \/><\/div><\/div><\/div>[\/vc_column][vc_column width=\u00a0\u00bb2\/3&Prime;]<div id=\"ultimate-heading-45969f54d8566b19\" class=\"uvc-heading ult-adjust-bottom-margin ultimate-heading-45969f54d8566b19 uvc-8734 functie\" data-hspacer=\"line_only\"  data-halign=\"left\" style=\"text-align:left\"><div class=\"uvc-main-heading ult-responsive\"  data-ultimate-target='.uvc-heading.ultimate-heading-45969f54d8566b19 h3'  data-responsive-json-new='{\"font-size\":\"\",\"line-height\":\"desktop:25px;\"}' ><h3 style=\"--font-weight:theme;color:#ffffff;\">PETER KENIS<\/h3><\/div><div class=\"uvc-sub-heading ult-responsive\"  data-ultimate-target='.uvc-heading.ultimate-heading-45969f54d8566b19 .uvc-sub-heading '  data-responsive-json-new='{\"font-size\":\"\",\"line-height\":\"\"}'  style=\"font-weight:normal;color:#ffffff;\"><\/p>\n<div id=\"ultimate-heading-549863a1b6abf2876\" class=\"uvc-heading ult-adjust-bottom-margin ultimate-heading-549863a1b6abf2876 uvc-4957  uvc-heading-default-font-sizes\" data-hspacer=\"no_spacer\" data-halign=\"left\">\n<div class=\"uvc-sub-heading ult-responsive\" data-ultimate-target=\".uvc-heading.ultimate-heading-549863a1b6abf2876 .uvc-sub-heading \" data-responsive-json-new=\"{&quot;font-size&quot;:&quot;&quot;,&quot;line-height&quot;:&quot;&quot;}\">\n<h4>Design &amp; ing\u00e9nierie<\/h4>\n<p>&nbsp;<\/p>\n<\/div>\n<\/div>\n<p><\/div><div class=\"uvc-heading-spacer line_only\" style=\"margin-bottom:25px;height:7px;\"><span class=\"uvc-headings-line\" style=\"border-style:solid;border-bottom-width:7px;border-color:#ffffff;width:50px;\"><\/span><\/div><\/div><div id=\"ultimate-heading-678369f54d8566b73\" class=\"uvc-heading ult-adjust-bottom-margin ultimate-heading-678369f54d8566b73 uvc-5186  uvc-heading-default-font-sizes\" data-hspacer=\"no_spacer\"  data-halign=\"left\" style=\"text-align:left\"><div class=\"uvc-heading-spacer no_spacer\" style=\"top\"><\/div><div class=\"uvc-sub-heading ult-responsive\"  data-ultimate-target='.uvc-heading.ultimate-heading-678369f54d8566b73 .uvc-sub-heading '  data-responsive-json-new='{\"font-size\":\"\",\"line-height\":\"\"}'  style=\"font-weight:normal;color:#ffffff;\">Peter Kenis (Belgique 1968) a obtenu en 1993 un dipl\u00f4me de designer industriel \u00e0 l&rsquo;Institut Henry van de Velde d&rsquo;Anvers.<\/p>\n<p>Peter a travaill\u00e9 en tant que designer industriel et ing\u00e9nieur m\u00e9canique pour plusieurs entreprises dans diff\u00e9rents secteurs, tels que la technologie m\u00e9dicale, la technologie spatiale et le mobilier de bureau. Il a collabor\u00e9 \u00e0 divers projets de mobilier pour diff\u00e9rents clients internationaux.<\/p>\n<p>Sa valeur ajout\u00e9e pour Conceptual est un solide bagage technique associ\u00e9 \u00e0 un bon sens du design et de l&rsquo;esth\u00e9tique.<\/div><\/div>[\/vc_column][\/vc_row][vc_row content_placement=\u00a0\u00bbbottom\u00a0\u00bb css=\u00a0\u00bb.vc_custom_1627988670148{padding-top: 50px !important;padding-bottom: 50px !important;}\u00a0\u00bb el_class=\u00a0\u00bbreverse-row-on-mobile\u00a0\u00bb][vc_column width=\u00a0\u00bb2\/3&Prime;]<div id=\"ultimate-heading-987169f54d8566bb0\" class=\"uvc-heading ult-adjust-bottom-margin ultimate-heading-987169f54d8566bb0 uvc-3759 functie-links\" data-hspacer=\"line_only\"  data-halign=\"left\" style=\"text-align:left\"><div class=\"uvc-main-heading ult-responsive\"  data-ultimate-target='.uvc-heading.ultimate-heading-987169f54d8566bb0 h3'  data-responsive-json-new='{\"font-size\":\"\",\"line-height\":\"desktop:25px;\"}' ><h3 style=\"--font-weight:theme;color:#000000;\">ERNO DIERCKX<\/h3><\/div><div class=\"uvc-sub-heading ult-responsive\"  data-ultimate-target='.uvc-heading.ultimate-heading-987169f54d8566bb0 .uvc-sub-heading '  data-responsive-json-new='{\"font-size\":\"\",\"line-height\":\"\"}'  style=\"font-weight:normal;color:#000000;\"><\/p>\n<h4>Design &amp; d\u00e9veloppement<\/h4>\n<p><\/div><div class=\"uvc-heading-spacer line_only\" style=\"margin-bottom:25px;height:7px;\"><span class=\"uvc-headings-line\" style=\"border-style:solid;border-bottom-width:7px;border-color:#000000;width:50px;\"><\/span><\/div><\/div><div id=\"ultimate-heading-797269f54d8566bf2\" class=\"uvc-heading ult-adjust-bottom-margin ultimate-heading-797269f54d8566bf2 uvc-1608  uvc-heading-default-font-sizes\" data-hspacer=\"no_spacer\"  data-halign=\"left\" style=\"text-align:left\"><div class=\"uvc-heading-spacer no_spacer\" style=\"top\"><\/div><div class=\"uvc-sub-heading ult-responsive\"  data-ultimate-target='.uvc-heading.ultimate-heading-797269f54d8566bf2 .uvc-sub-heading '  data-responsive-json-new='{\"font-size\":\"\",\"line-height\":\"\"}'  style=\"font-weight:normal;color:#000000;\">Erno Dierckx (Belgique 1990) a obtenu en 2014 un dipl\u00f4me de d\u00e9veloppement de produits \u00e0 l&rsquo;universit\u00e9 d&rsquo;Anvers. Apr\u00e8s diff\u00e9rents postes de designer pour diverses entreprises, il a d\u00e9cid\u00e9 de devenir un designer ind\u00e9pendant en 2019. Travaillant depuis son studio \u00e0 Barcelone, il est connu pour son approche pratique, sa bonne connaissance du processus de production, ses id\u00e9es cr\u00e9atives et sa passion pour le mobilier.<\/div><\/div>[\/vc_column][vc_column width=\u00a0\u00bb1\/3&Prime;]<style type=\"text\/css\" data-type=\"the7_shortcodes-inline-css\">.shortcode-single-image-wrap.shortcode-single-image-7df82437be662caedc33c9cced87c777.enable-bg-rollover .rollover i,\n.shortcode-single-image-wrap.shortcode-single-image-7df82437be662caedc33c9cced87c777.enable-bg-rollover .rollover-video i {\n  background: -webkit-linear-gradient();\n  background: linear-gradient();\n}\n.shortcode-single-image-wrap.shortcode-single-image-7df82437be662caedc33c9cced87c777 .rollover-icon {\n  font-size: 32px;\n  color: #ffffff;\n  min-width: 44px;\n  min-height: 44px;\n  line-height: 44px;\n  border-radius: 100px;\n  border-style: solid;\n  border-width: 0px;\n}\n.dt-icon-bg-on.shortcode-single-image-wrap.shortcode-single-image-7df82437be662caedc33c9cced87c777 .rollover-icon {\n  background: rgba(255,255,255,0.3);\n  box-shadow: none;\n}<\/style><div class=\"shortcode-single-image-wrap shortcode-single-image-7df82437be662caedc33c9cced87c777 alignnone  vc_custom_1671541472483 enable-bg-rollover dt-icon-bg-off\" ><div class=\"shortcode-single-image\"><div class=\"fancy-media-wrap  layzr-bg\" style=\"\"><img decoding=\"async\" class=\"preload-me lazy-load aspect\" src=\"data:image\/svg+xml,%3Csvg%20xmlns%3D&#39;http%3A%2F%2Fwww.w3.org%2F2000%2Fsvg&#39;%20viewBox%3D&#39;0%200%20320%20377&#39;%2F%3E\" data-src=\"https:\/\/conceptualfurniture.com\/wp-content\/uploads\/2022\/12\/nieuwe-foto-02.jpg\" data-srcset=\"https:\/\/conceptualfurniture.com\/wp-content\/uploads\/2022\/12\/nieuwe-foto-02.jpg 320w\" loading=\"eager\" sizes=\"(max-width: 320px) 100vw, 320px\" width=\"320\" height=\"377\"  data-dt-location=\"https:\/\/conceptualfurniture.com\/fr\/designers\/nieuwe-foto-02-2\/\" style=\"--ratio: 320 \/ 377;\" alt=\"\" \/><\/div><\/div><\/div>[\/vc_column][\/vc_row][vc_row full_width=\u00a0\u00bbstretch_row\u00a0\u00bb content_placement=\u00a0\u00bbbottom\u00a0\u00bb bg_type=\u00a0\u00bbbg_color\u00a0\u00bb bg_color_value=\u00a0\u00bb#000000&Prime; css=\u00a0\u00bb.vc_custom_1671541323523{padding-top: 50px !important;padding-bottom: 50px !important;}\u00a0\u00bb][vc_column width=\u00a0\u00bb1\/3&Prime;]<style type=\"text\/css\" data-type=\"the7_shortcodes-inline-css\">.shortcode-single-image-wrap.shortcode-single-image-145e6cb7f207bb829156de23b46291b7.enable-bg-rollover .rollover i,\n.shortcode-single-image-wrap.shortcode-single-image-145e6cb7f207bb829156de23b46291b7.enable-bg-rollover .rollover-video i {\n  background: -webkit-linear-gradient();\n  background: linear-gradient();\n}\n.shortcode-single-image-wrap.shortcode-single-image-145e6cb7f207bb829156de23b46291b7 .rollover-icon {\n  font-size: 32px;\n  color: #ffffff;\n  min-width: 44px;\n  min-height: 44px;\n  line-height: 44px;\n  border-radius: 100px;\n  border-style: solid;\n  border-width: 0px;\n}\n.dt-icon-bg-on.shortcode-single-image-wrap.shortcode-single-image-145e6cb7f207bb829156de23b46291b7 .rollover-icon {\n  background: rgba(255,255,255,0.3);\n  box-shadow: none;\n}<\/style><div class=\"shortcode-single-image-wrap shortcode-single-image-145e6cb7f207bb829156de23b46291b7 alignnone  vc_custom_1671541566515 enable-bg-rollover dt-icon-bg-off\" ><div class=\"shortcode-single-image\"><div class=\"fancy-media-wrap  layzr-bg\" style=\"\"><img decoding=\"async\" class=\"preload-me lazy-load aspect\" src=\"data:image\/svg+xml,%3Csvg%20xmlns%3D&#39;http%3A%2F%2Fwww.w3.org%2F2000%2Fsvg&#39;%20viewBox%3D&#39;0%200%20258%20395&#39;%2F%3E\" data-src=\"https:\/\/conceptualfurniture.com\/wp-content\/uploads\/2022\/12\/DIRK-RUTTEN-afmeting-01.jpg\" data-srcset=\"https:\/\/conceptualfurniture.com\/wp-content\/uploads\/2022\/12\/DIRK-RUTTEN-afmeting-01.jpg 258w\" loading=\"eager\" sizes=\"(max-width: 258px) 100vw, 258px\" width=\"258\" height=\"395\"  data-dt-location=\"https:\/\/conceptualfurniture.com\/fr\/designers\/dirk-rutten-afmeting-01-2\/\" style=\"--ratio: 258 \/ 395;\" alt=\"\" \/><\/div><\/div><\/div>[\/vc_column][vc_column width=\u00a0\u00bb2\/3&Prime;]<div id=\"ultimate-heading-750769f54d856789d\" class=\"uvc-heading ult-adjust-bottom-margin ultimate-heading-750769f54d856789d uvc-4972 functie\" data-hspacer=\"line_only\"  data-halign=\"left\" style=\"text-align:left\"><div class=\"uvc-main-heading ult-responsive\"  data-ultimate-target='.uvc-heading.ultimate-heading-750769f54d856789d h3'  data-responsive-json-new='{\"font-size\":\"\",\"line-height\":\"desktop:25px;\"}' ><h3 style=\"--font-weight:theme;color:#ffffff;\">DIRK RUTTEN<\/h3><\/div><div class=\"uvc-sub-heading ult-responsive\"  data-ultimate-target='.uvc-heading.ultimate-heading-750769f54d856789d .uvc-sub-heading '  data-responsive-json-new='{\"font-size\":\"\",\"line-height\":\"\"}'  style=\"font-weight:normal;color:#ffffff;\"><\/p>\n<h3 style=\"color: #fff;\">DESIGNER<\/h3>\n<p><\/div><div class=\"uvc-heading-spacer line_only\" style=\"margin-bottom:25px;height:7px;\"><span class=\"uvc-headings-line\" style=\"border-style:solid;border-bottom-width:7px;border-color:#ffffff;width:50px;\"><\/span><\/div><\/div><div id=\"ultimate-heading-437069f54d85678f5\" class=\"uvc-heading ult-adjust-bottom-margin ultimate-heading-437069f54d85678f5 uvc-8802  uvc-heading-default-font-sizes\" data-hspacer=\"no_spacer\"  data-halign=\"left\" style=\"text-align:left\"><div class=\"uvc-heading-spacer no_spacer\" style=\"top\"><\/div><div class=\"uvc-sub-heading ult-responsive\"  data-ultimate-target='.uvc-heading.ultimate-heading-437069f54d85678f5 .uvc-sub-heading '  data-responsive-json-new='{\"font-size\":\"\",\"line-height\":\"\"}'  style=\"font-weight:normal;color:#ffffff;\">N\u00e9 en 1970 aux Pays-Bas, il a commenc\u00e9 ses \u00e9tudes d\u2019art et de design \u00e0 la Design Academy d\u2019Eindhoven en 1988 et obtient son dipl\u00f4me de designer en 1999 au Coll\u00e8ge des Arts d\u2019Utrecht. Entre-temps, il a \u00e9tudi\u00e9 dans plusieurs pays \u00e0 l\u2019\u00e9tranger et a obtenu son dipl\u00f4me des Beaux-Arts en 1993. En 1999, il a cr\u00e9\u00e9 son studio de design ind\u00e9pendant aux Pays-Bas et a d\u00e9velopp\u00e9 son r\u00e9seau avec diff\u00e9rentes entreprises dans le monde entier. Dirk a jou\u00e9 un r\u00f4le d\u00e9cisif dans la cr\u00e9ation de Conceptual Furniture Design et dans son orientation strat\u00e9gique. Il a con\u00e7u la plupart de nos gammes de si\u00e8ges et canap\u00e9s, son principal principe de conception \u00e9tant que les meubles doivent s\u2019adapter \u00e0 tous les styles et \u00e0 tous les environnements.<\/div><\/div>[\/vc_column][\/vc_row]<\/p>\n<\/div>","protected":false},"excerpt":{"rendered":"<p>[vc_row full_width=\u00a0\u00bbstretch_row\u00a0\u00bb bg_type=\u00a0\u00bbimage\u00a0\u00bb parallax_style=\u00a0\u00bbvcpb-default\u00a0\u00bb bg_image_new=\u00a0\u00bbid^21418|url^https:\/\/conceptualfurniture.com\/wp-content\/uploads\/2022\/12\/design-3.jpg|caption^null|alt^Designer|title^Designer|description^null\u00a0\u00bb bg_image_repeat=\u00a0\u00bbno-repeat\u00a0\u00bb el_class=\u00a0\u00bbhero-conceptual\u00a0\u00bb][vc_column][vc_empty_space height=\u00a0\u00bb15vh\u00a0\u00bb][vc_row_inner][vc_column_inner width=\u00a0\u00bb1\/2&Prime;][\/vc_column_inner][vc_column_inner width=\u00a0\u00bb1\/2&Prime;][\/vc_column_inner][\/vc_row_inner][vc_empty_space height=\u00a0\u00bb15vh\u00a0\u00bb][\/vc_column][\/vc_row][vc_row content_placement=\u00a0\u00bbbottom\u00a0\u00bb css=\u00a0\u00bb.vc_custom_1627988670148{padding-top: 50px !important;padding-bottom: 50px !important;}\u00a0\u00bb el_class=\u00a0\u00bbreverse-row-on-mobile\u00a0\u00bb][vc_column width=\u00a0\u00bb2\/3&Prime;][\/vc_column][vc_column width=\u00a0\u00bb1\/3&Prime;][\/vc_column][\/vc_row][vc_row full_width=\u00a0\u00bbstretch_row\u00a0\u00bb content_placement=\u00a0\u00bbbottom\u00a0\u00bb bg_type=\u00a0\u00bbbg_color\u00a0\u00bb bg_color_value=\u00a0\u00bb#000000&Prime; css=\u00a0\u00bb.vc_custom_1671541323523{padding-top: 50px !important;padding-bottom: 50px !important;}\u00a0\u00bb][vc_column width=\u00a0\u00bb1\/3&Prime;][\/vc_column][vc_column width=\u00a0\u00bb2\/3&Prime;][\/vc_column][\/vc_row][vc_row content_placement=\u00a0\u00bbbottom\u00a0\u00bb css=\u00a0\u00bb.vc_custom_1627988670148{padding-top: 50px !important;padding-bottom: 50px !important;}\u00a0\u00bb el_class=\u00a0\u00bbreverse-row-on-mobile\u00a0\u00bb][vc_column width=\u00a0\u00bb2\/3&Prime;][\/vc_column][vc_column width=\u00a0\u00bb1\/3&Prime;][\/vc_column][\/vc_row][vc_row full_width=\u00a0\u00bbstretch_row\u00a0\u00bb content_placement=\u00a0\u00bbbottom\u00a0\u00bb bg_type=\u00a0\u00bbbg_color\u00a0\u00bb bg_color_value=\u00a0\u00bb#000000&Prime; css=\u00a0\u00bb.vc_custom_1671541323523{padding-top: 50px !important;padding-bottom: 50px !important;}\u00a0\u00bb][vc_column width=\u00a0\u00bb1\/3&Prime;][\/vc_column][vc_column width=\u00a0\u00bb2\/3&Prime;][\/vc_column][\/vc_row]<\/p>\n","protected":false},"author":4,"featured_media":0,"parent":0,"menu_order":0,"comment_status":"closed","ping_status":"closed","template":"","meta":{"footnotes":""},"class_list":["post-21429","page","type-page","status-publish","hentry","description-off"],"yoast_head":"<!-- This site is optimized with the Yoast SEO plugin v27.0 - https:\/\/yoast.com\/product\/yoast-seo-wordpress\/ -->\n<title>Designers - Conceptual - Des meubles qui peuvent s&#039;adapter. Lire la suite.<\/title>\n<meta name=\"description\" content=\"La mission de Conceptual est de d\u00e9velopper des meubles qui aident les gens \u00e0 se connecter et \u00e0 communiquer. Apprenez \u00e0 nous conna\u00eetre et en savoir plus sur nous.\" \/>\n<meta name=\"robots\" content=\"index, follow, max-snippet:-1, max-image-preview:large, max-video-preview:-1\" \/>\n<link rel=\"canonical\" href=\"https:\/\/conceptualfurniture.com\/fr\/designers\/\" \/>\n<meta property=\"og:locale\" content=\"fr_FR\" \/>\n<meta property=\"og:type\" content=\"article\" \/>\n<meta property=\"og:title\" content=\"Designers - Conceptual - Des meubles qui peuvent s&#039;adapter. Lire la suite.\" \/>\n<meta property=\"og:description\" content=\"La mission de Conceptual est de d\u00e9velopper des meubles qui aident les gens \u00e0 se connecter et \u00e0 communiquer. Apprenez \u00e0 nous conna\u00eetre et en savoir plus sur nous.\" \/>\n<meta property=\"og:url\" content=\"https:\/\/conceptualfurniture.com\/fr\/designers\/\" \/>\n<meta property=\"og:site_name\" content=\"Conceptual\" \/>\n<meta property=\"article:modified_time\" content=\"2022-12-20T13:24:00+00:00\" \/>\n<meta name=\"twitter:card\" content=\"summary_large_image\" \/>\n<meta name=\"twitter:label1\" content=\"Dur\u00e9e de lecture estim\u00e9e\" \/>\n\t<meta name=\"twitter:data1\" content=\"5 minutes\" \/>\n<script type=\"application\/ld+json\" class=\"yoast-schema-graph\">{\"@context\":\"https:\/\/schema.org\",\"@graph\":[{\"@type\":\"WebPage\",\"@id\":\"https:\/\/conceptualfurniture.com\/fr\/designers\/\",\"url\":\"https:\/\/conceptualfurniture.com\/fr\/designers\/\",\"name\":\"Designers - Conceptual - Des meubles qui peuvent s'adapter. Lire la suite.\",\"isPartOf\":{\"@id\":\"https:\/\/conceptualfurniture.com\/fr\/#website\"},\"datePublished\":\"2022-12-20T13:23:58+00:00\",\"dateModified\":\"2022-12-20T13:24:00+00:00\",\"description\":\"La mission de Conceptual est de d\u00e9velopper des meubles qui aident les gens \u00e0 se connecter et \u00e0 communiquer. Apprenez \u00e0 nous conna\u00eetre et en savoir plus sur nous.\",\"breadcrumb\":{\"@id\":\"https:\/\/conceptualfurniture.com\/fr\/designers\/#breadcrumb\"},\"inLanguage\":\"fr-FR\",\"potentialAction\":[{\"@type\":\"ReadAction\",\"target\":[\"https:\/\/conceptualfurniture.com\/fr\/designers\/\"]}]},{\"@type\":\"BreadcrumbList\",\"@id\":\"https:\/\/conceptualfurniture.com\/fr\/designers\/#breadcrumb\",\"itemListElement\":[{\"@type\":\"ListItem\",\"position\":1,\"name\":\"Home\",\"item\":\"https:\/\/conceptualfurniture.com\/fr\/\"},{\"@type\":\"ListItem\",\"position\":2,\"name\":\"Designers\"}]},{\"@type\":\"WebSite\",\"@id\":\"https:\/\/conceptualfurniture.com\/fr\/#website\",\"url\":\"https:\/\/conceptualfurniture.com\/fr\/\",\"name\":\"Conceptual\",\"description\":\"Furniture Design\",\"publisher\":{\"@id\":\"https:\/\/conceptualfurniture.com\/fr\/#organization\"},\"potentialAction\":[{\"@type\":\"SearchAction\",\"target\":{\"@type\":\"EntryPoint\",\"urlTemplate\":\"https:\/\/conceptualfurniture.com\/fr\/?s={search_term_string}\"},\"query-input\":{\"@type\":\"PropertyValueSpecification\",\"valueRequired\":true,\"valueName\":\"search_term_string\"}}],\"inLanguage\":\"fr-FR\"},{\"@type\":\"Organization\",\"@id\":\"https:\/\/conceptualfurniture.com\/fr\/#organization\",\"name\":\"Conceptual Furniture\",\"url\":\"https:\/\/conceptualfurniture.com\/fr\/\",\"logo\":{\"@type\":\"ImageObject\",\"inLanguage\":\"fr-FR\",\"@id\":\"https:\/\/conceptualfurniture.com\/fr\/#\/schema\/logo\/image\/\",\"url\":\"https:\/\/conceptualfurniture.com\/wp-content\/uploads\/2021\/03\/logo-72-05.png\",\"contentUrl\":\"https:\/\/conceptualfurniture.com\/wp-content\/uploads\/2021\/03\/logo-72-05.png\",\"width\":138,\"height\":32,\"caption\":\"Conceptual Furniture\"},\"image\":{\"@id\":\"https:\/\/conceptualfurniture.com\/fr\/#\/schema\/logo\/image\/\"},\"sameAs\":[\"https:\/\/www.instagram.com\/conceptualfurnituredesign\/\"]}]}<\/script>\n<!-- \/ Yoast SEO plugin. -->","yoast_head_json":{"title":"Designers - Conceptual - Des meubles qui peuvent s'adapter. Lire la suite.","description":"La mission de Conceptual est de d\u00e9velopper des meubles qui aident les gens \u00e0 se connecter et \u00e0 communiquer. Apprenez \u00e0 nous conna\u00eetre et en savoir plus sur nous.","robots":{"index":"index","follow":"follow","max-snippet":"max-snippet:-1","max-image-preview":"max-image-preview:large","max-video-preview":"max-video-preview:-1"},"canonical":"https:\/\/conceptualfurniture.com\/fr\/designers\/","og_locale":"fr_FR","og_type":"article","og_title":"Designers - Conceptual - Des meubles qui peuvent s'adapter. Lire la suite.","og_description":"La mission de Conceptual est de d\u00e9velopper des meubles qui aident les gens \u00e0 se connecter et \u00e0 communiquer. Apprenez \u00e0 nous conna\u00eetre et en savoir plus sur nous.","og_url":"https:\/\/conceptualfurniture.com\/fr\/designers\/","og_site_name":"Conceptual","article_modified_time":"2022-12-20T13:24:00+00:00","twitter_card":"summary_large_image","twitter_misc":{"Dur\u00e9e de lecture estim\u00e9e":"5 minutes"},"schema":{"@context":"https:\/\/schema.org","@graph":[{"@type":"WebPage","@id":"https:\/\/conceptualfurniture.com\/fr\/designers\/","url":"https:\/\/conceptualfurniture.com\/fr\/designers\/","name":"Designers - Conceptual - Des meubles qui peuvent s'adapter. Lire la suite.","isPartOf":{"@id":"https:\/\/conceptualfurniture.com\/fr\/#website"},"datePublished":"2022-12-20T13:23:58+00:00","dateModified":"2022-12-20T13:24:00+00:00","description":"La mission de Conceptual est de d\u00e9velopper des meubles qui aident les gens \u00e0 se connecter et \u00e0 communiquer. Apprenez \u00e0 nous conna\u00eetre et en savoir plus sur nous.","breadcrumb":{"@id":"https:\/\/conceptualfurniture.com\/fr\/designers\/#breadcrumb"},"inLanguage":"fr-FR","potentialAction":[{"@type":"ReadAction","target":["https:\/\/conceptualfurniture.com\/fr\/designers\/"]}]},{"@type":"BreadcrumbList","@id":"https:\/\/conceptualfurniture.com\/fr\/designers\/#breadcrumb","itemListElement":[{"@type":"ListItem","position":1,"name":"Home","item":"https:\/\/conceptualfurniture.com\/fr\/"},{"@type":"ListItem","position":2,"name":"Designers"}]},{"@type":"WebSite","@id":"https:\/\/conceptualfurniture.com\/fr\/#website","url":"https:\/\/conceptualfurniture.com\/fr\/","name":"Conceptual","description":"Furniture Design","publisher":{"@id":"https:\/\/conceptualfurniture.com\/fr\/#organization"},"potentialAction":[{"@type":"SearchAction","target":{"@type":"EntryPoint","urlTemplate":"https:\/\/conceptualfurniture.com\/fr\/?s={search_term_string}"},"query-input":{"@type":"PropertyValueSpecification","valueRequired":true,"valueName":"search_term_string"}}],"inLanguage":"fr-FR"},{"@type":"Organization","@id":"https:\/\/conceptualfurniture.com\/fr\/#organization","name":"Conceptual Furniture","url":"https:\/\/conceptualfurniture.com\/fr\/","logo":{"@type":"ImageObject","inLanguage":"fr-FR","@id":"https:\/\/conceptualfurniture.com\/fr\/#\/schema\/logo\/image\/","url":"https:\/\/conceptualfurniture.com\/wp-content\/uploads\/2021\/03\/logo-72-05.png","contentUrl":"https:\/\/conceptualfurniture.com\/wp-content\/uploads\/2021\/03\/logo-72-05.png","width":138,"height":32,"caption":"Conceptual Furniture"},"image":{"@id":"https:\/\/conceptualfurniture.com\/fr\/#\/schema\/logo\/image\/"},"sameAs":["https:\/\/www.instagram.com\/conceptualfurnituredesign\/"]}]}},"_links":{"self":[{"href":"https:\/\/conceptualfurniture.com\/fr\/wp-json\/wp\/v2\/pages\/21429","targetHints":{"allow":["GET"]}}],"collection":[{"href":"https:\/\/conceptualfurniture.com\/fr\/wp-json\/wp\/v2\/pages"}],"about":[{"href":"https:\/\/conceptualfurniture.com\/fr\/wp-json\/wp\/v2\/types\/page"}],"author":[{"embeddable":true,"href":"https:\/\/conceptualfurniture.com\/fr\/wp-json\/wp\/v2\/users\/4"}],"replies":[{"embeddable":true,"href":"https:\/\/conceptualfurniture.com\/fr\/wp-json\/wp\/v2\/comments?post=21429"}],"version-history":[{"count":2,"href":"https:\/\/conceptualfurniture.com\/fr\/wp-json\/wp\/v2\/pages\/21429\/revisions"}],"predecessor-version":[{"id":21431,"href":"https:\/\/conceptualfurniture.com\/fr\/wp-json\/wp\/v2\/pages\/21429\/revisions\/21431"}],"wp:attachment":[{"href":"https:\/\/conceptualfurniture.com\/fr\/wp-json\/wp\/v2\/media?parent=21429"}],"curies":[{"name":"wp","href":"https:\/\/api.w.org\/{rel}","templated":true}]}}